{"id":8968,"date":"2026-03-06T14:28:07","date_gmt":"2026-03-06T12:28:07","guid":{"rendered":"https:\/\/infosilo.info\/dekom\/?page_id=8968"},"modified":"2026-03-19T10:43:34","modified_gmt":"2026-03-19T08:43:34","slug":"impressum","status":"publish","type":"page","link":"https:\/\/infosilo.info\/dekom\/impressum\/","title":{"rendered":"Impressum"},"content":{"rendered":"\t\t<div data-elementor-type=\"wp-page\" data-elementor-id=\"8968\" class=\"elementor elementor-8968\" data-elementor-post-type=\"page\">\n\t\t\t\t<div class=\"elementor-element elementor-element-d00172a e-flex e-con-boxed e-con e-parent\" data-id=\"d00172a\" data-element_type=\"container\" data-e-type=\"container\">\n\t\t\t\t\t<div class=\"e-con-inner\">\n\t\t<div class=\"elementor-element elementor-element-1fa21b6 e-con-full e-flex e-con e-child\" data-id=\"1fa21b6\" data-element_type=\"container\" data-e-type=\"container\">\n\t\t\t\t<div class=\"elementor-element elementor-element-4fb19c9 elementor-widget elementor-widget-heading\" data-id=\"4fb19c9\" data-element_type=\"widget\" data-e-type=\"widget\" data-widget_type=\"heading.default\">\n\t\t\t\t\t<h2 class=\"elementor-heading-title elementor-size-default\">Dekom \u2013 Deutscher Kommunal-Informationsdienst\u00a0<\/h2>\t\t\t\t<\/div>\n\t\t\t\t<div class=\"elementor-element elementor-element-91a5318 elementor-widget elementor-widget-heading\" data-id=\"91a5318\" data-element_type=\"widget\" data-e-type=\"widget\" data-widget_type=\"heading.default\">\n\t\t\t\t\t<h2 class=\"elementor-heading-title elementor-size-default\">\u00a71 Information \u00fcber die Erhebung personenbezogener Daten<\/h2>\t\t\t\t<\/div>\n\t\t\t\t<div class=\"elementor-element elementor-element-6a7d496 elementor-widget elementor-widget-text-editor\" data-id=\"6a7d496\" data-element_type=\"widget\" data-e-type=\"widget\" data-widget_type=\"text-editor.default\">\n\t\t\t\t\t\t\t\t\t<p class=\"p1\"><span class=\"s1\"><b>Als Betreiber dieser Seiten nehmen wir den Schutz Ihrer pers\u00f6nlichen Daten sehr ernst. Wir behandeln Ihre personenbezogenen Daten vertraulich und entsprechend der gesetzlichen Datenschutzvorschriften sowie dieser Datenschutzerkl\u00e4rung.<\/b>\u00a0<\/span><\/p><p class=\"p1\"><span class=\"s1\">(1) Im Folgenden informieren wir \u00fcber die Erhebung personenbezogener Daten bei Nutzung unserer Webseite. Personenbezogene Daten sind alle Daten, die auf Sie pers\u00f6nlich beziehbar sind, z. B. Bestandsdaten (Name, Adresse, etc.), Kontaktdaten (E-Mail-Adressen, Telefon- und Faxnummer etc. ), Inhaltsdaten (Bilder, Videos, Text etc.), Nutzungsdaten (Besuchte Webseite, Zugriffszeiten, etc.) und Kommunikationsdaten (IP-Adresse, Ger\u00e4te- und Browserinformationen, etc.).\u00a0<\/span><\/p><p class=\"p1\"><span class=\"s1\">(2) Verantwortlicher gem. Art. 4 Abs. 7 EU-Datenschutz-Grundverordnung (DSGVO) ist Martin Reetz,\u00a0<\/span><span class=\"s3\">Hillesheimstra\u00dfe 31 , 50735 K\u00f6ln,\u00a0martin.reetz@gmail.com<\/span><\/p><p class=\"p1\"><span class=\"s1\">Unseren Datenschutzbeauftragten erreichen Sie unter\u00a0<a href=\"mailto:mittelstand@klauslennartz.de\"><span class=\"s4\">martin.reetz@gmail.com<\/span><\/a>\u00a0\u00a0oder unserer Postadresse mit dem Zusatz \u201eder Datenschutzbeauftragte\u201c.\u00a0<\/span><\/p><p class=\"p1\"><span class=\"s1\">(3) Bei Ihrer Kontaktaufnahme mit uns per E-Mail oder \u00fcber ein Kontaktformular werden die von Ihnen mitgeteilten Daten (Ihre E-Mail-Adresse, ggf. Ihr Name und Ihre Telefonnummer) von uns gespeichert, um Ihre Fragen zu beantworten. Die in diesem Zusammenhang anfallenden Daten l\u00f6schen wir, nachdem die Speicherung nicht mehr erforderlich ist, oder schr\u00e4nken die Verarbeitung ein, falls gesetzliche Aufbewahrungspflichten bestehen.\u00a0<\/span><\/p><p class=\"p1\"><span class=\"s1\">(4) Falls wir f\u00fcr einzelne Funktionen unseres Angebots auf beauftragte Dienstleister zur\u00fcckgreifen oder Ihre Daten f\u00fcr werbliche Zwecke nutzen m\u00f6chten, werden wir Sie untenstehend im Detail \u00fcber die jeweiligen Vorg\u00e4nge informieren. Dabei nennen wir auch die festgelegten Kriterien der Speicherdauer.<\/span><\/p><p class=\"p1\"><span class=\"s1\"><b>\u00a72 Erhebung personenbezogener Daten bei Besuch unserer Website<\/b><\/span><\/p><p class=\"p1\"><span class=\"s1\">(1) Bei der rein informatorischen Nutzung der Website, also wenn Sie sich nicht registrieren oder uns anderweitig Informationen \u00fcbermitteln, erheben wir nur die personenbezogenen Daten, die Ihr Browser an unseren Server unseres Providers Strato\u00a0\u00fcbermittelt. Wenn Sie unsere Website betrachten m\u00f6chten, erheben wir die folgenden Daten, die f\u00fcr uns technisch erforderlich sind, um Ihnen unsere Website anzuzeigen und die Stabilit\u00e4t und Sicherheit zu gew\u00e4hrleisten (Rechtsgrundlage ist Art. 6 Abs. 1 S. 1 lit. f DSGVO).:\u00a0<\/span><\/p><ul class=\"ul1\"><li class=\"li1\"><span class=\"s1\">IP-Adresse<\/span><\/li><li class=\"li1\"><span class=\"s1\">Datum und Uhrzeit der Anfrage<\/span><\/li><li class=\"li1\"><span class=\"s1\">Zeitzonendifferenz zur Greenwich Mean Time (GMT)<\/span><\/li><li class=\"li1\"><span class=\"s1\">Inhalt der Anforderung (konkrete Seite)<\/span><\/li><li class=\"li1\"><span class=\"s1\">Zugriffsstatus\/HTTP-Statuscode<\/span><\/li><li class=\"li1\"><span class=\"s1\">jeweils \u00fcbertragene Datenmenge<\/span><\/li><li class=\"li1\"><span class=\"s1\">Website, von der die Anforderung kommt<\/span><\/li><li class=\"li1\"><span class=\"s1\">Browser<\/span><\/li><li class=\"li1\"><span class=\"s1\">Betriebssystem und dessen Oberfl\u00e4che<\/span><\/li><li class=\"li1\"><span class=\"s1\">Sprache und Version der Browsersoftware.<\/span><\/li><\/ul><p class=\"p1\"><span class=\"s1\">Die gespeicherten Daten werden ausschlie\u00dflich zu statistischen Zwecken ausgewertet, eine Weitergabe an Dritte findet weder zu kommerziellen noch zu nichtkommerziellen Zwecken statt.\u00a0<\/span><\/p><p class=\"p1\"><span class=\"s1\">Diese Daten k\u00f6nnen ferner nicht bestimmten Personen zugeordnet werden. Eine Zusammenf\u00fchrung dieser Daten mit anderen Datenquellen wird nicht vorgenommen. Wir behalten uns vor, diese Daten nachtr\u00e4glich zu pr\u00fcfen, wenn uns konkrete Anhaltspunkte f\u00fcr eine rechtswidrige Nutzung bekannt werden.\u00a0<\/span><\/p><p class=\"p1\"><span class=\"s1\">Sofern innerhalb des Internetangebotes die M\u00f6glichkeit zur Eingabe pers\u00f6nlicher oder gesch\u00e4ftlicher Daten (E-Mail-Adressen, Namen, Anschriften) besteht, so erfolgt die Preisgabe dieser Daten seitens des Nutzers auf ausdr\u00fccklich freiwilliger Basis. Auch hier werden Ihre Daten vertraulich behandelt und nicht an Dritte weitergegeben.\u00a0<\/span><\/p><p class=\"p1\"><span class=\"s1\">Die Speicherung der Daten findet ausschlie\u00dflich in Deutschland und innerhalb der Europ\u00e4ischen Union statt.<\/span><\/p><p class=\"p1\"><span class=\"s1\"><b>\u00a73 Cookies<\/b><\/span><\/p><p class=\"p1\"><span class=\"s1\">(1) Zus\u00e4tzlich zu den zuvor genannten Daten werden bei Ihrer Nutzung unserer Website Cookies auf Ihrem Rechner gespeichert. Bei Cookies handelt es sich um kleine Textdateien, die auf Ihrer Festplatte dem von Ihnen verwendeten Browser zugeordnet gespeichert werden und durch welche der Stelle, die den Cookie setzt (hier durch uns), bestimmte Informationen zuflie\u00dfen. Cookies k\u00f6nnen keine Programme ausf\u00fchren oder Viren auf Ihren Computer \u00fcbertragen. Sie dienen dazu, das Internetangebot insgesamt nutzerfreundlicher und effektiver zu machen.\u00a0<\/span><\/p><p class=\"p1\"><span class=\"s1\">(2) Einsatz von Cookies:\u00a0<\/span><\/p><ol class=\"ol1\"><li class=\"li3\"><span class=\"s2\">Diese Website nutzt folgende Arten von Cookies, deren Umfang und Funktionsweise im Folgenden erl\u00e4utert werden:<\/span><br \/><ul class=\"ul2\"><li class=\"li1\"><span class=\"s1\">Transiente Cookies (dazu b)<\/span><\/li><li class=\"li1\"><span class=\"s1\">Persistente Cookies (dazu c).<\/span><\/li><\/ul><\/li><li class=\"li1\"><span class=\"s1\">Transiente Cookies werden automatisiert gel\u00f6scht, wenn Sie den Browser schlie\u00dfen. Dazu z\u00e4hlen insbesondere die Session-Cookies. Diese speichern eine sogenannte Session-ID, mit welcher sich verschiedene Anfragen Ihres Browsers der gemeinsamen Sitzung zuordnen lassen. Dadurch kann Ihr Rechner wiedererkannt werden, wenn Sie auf unsere Website zur\u00fcckkehren. Die Session-Cookies werden gel\u00f6scht, wenn Sie sich ausloggen oder den Browser schlie\u00dfen.<\/span><\/li><li class=\"li1\"><span class=\"s1\">Persistente Cookies werden automatisiert nach einer vorgegebenen Dauer gel\u00f6scht, die sich je nach Cookie unterscheiden kann. Sie k\u00f6nnen die Cookies in den Sicherheitseinstellungen Ihres Browsers jederzeit l\u00f6schen.<\/span><\/li><li class=\"li1\"><span class=\"s1\">Sie k\u00f6nnen Ihre Browser-Einstellung entsprechend Ihren W\u00fcnschen konfigurieren und z. B. die Annahme von Third-Party-Cookies oder allen Cookies ablehnen. Wir weisen Sie darauf hin, dass Sie eventuell nicht alle Funktionen dieser Website nutzen k\u00f6nnen.<\/span><\/li><\/ol><p class=\"p1\"><span class=\"s1\">Bitte lesen Sie zur Einrichtung von Cookies sozialer Medien (Facebook, Twitter, etc.) unsere Hinweise zu den einzelnen Drittanbietern.<\/span><\/p><p class=\"p4\"><span class=\"s1\"><b>\u00a74 Weitere Funktionen und Angebote unserer Webseite<\/b><\/span><\/p><p><span class=\"s1\">Die Webseite bietet M\u00f6glichkeiten zur Kommunikation \u00fcber das Internet an.\u00a0<\/span><\/p><p><span class=\"s1\">(1) Neben der rein informatorischen Nutzung unserer Webseite bieten wir verschiedene Leistungen an, die Sie bei Interesse nutzen k\u00f6nnen. Dazu m\u00fcssen Sie in der Regel personenbezogene Daten angeben, die wir zur Erbringung der jeweiligen Leistung nutzen und f\u00fcr die die zuvor genannten Grunds\u00e4tze zur Datenverarbeitung gelten.\u00a0<\/span><\/p><p><span class=\"s1\">F\u00fcr die Kommunikation bitten wir das Kontaktformular zu verwenden. Dar\u00fcberhinaus finden Sie in unserem Internetangebot u.U. weitere E-Mail-Adressen einzelner Stellen oder Personen. Auch an diese Adressen k\u00f6nnen Sie E-Mails senden. M\u00f6chten Sie E-Mails mit Dateianh\u00e4ngen senden, so beachten Sie bitte, dass wir nicht alle auf dem Markt verf\u00fcgbaren Dateiformate und Anwendungen unterst\u00fctzen k\u00f6nnen. In Einzelf\u00e4llen kann es m\u00f6glich sein, dass die E-Mail nicht verarbeitet werden kann.\u00a0<\/span><\/p><p><span class=\"s1\">Diese Hinweise gelten nur f\u00fcr die Kommunikation mit dem Deutschen Kommunal-Informationsdienst und gelten nicht f\u00fcr Verweise auf Angebote Dritter.\u00a0<\/span><\/p><p><span class=\"s1\">Wir weisen darauf hin, dass bei der elektronischen Kommunikation eine unbefugte Kenntnisnahme oder Verf\u00e4lschung auf dem \u00dcbertragungsweg nicht ausgeschlossen werden kann.\u00a0<\/span><\/p><p><span class=\"s1\">(2) Teilweise bedienen wir uns zur Verarbeitung Ihrer Daten externer Dienstleister. Diese wurden von uns sorgf\u00e4ltig ausgew\u00e4hlt und beauftragt, sind an unsere Weisungen gebunden und werden regelm\u00e4\u00dfig kontrolliert.\u00a0<\/span><\/p><p><span class=\"s1\">(3) Soweit unsere Dienstleister oder Partner ihren Hauptsitz in einem Staat au\u00dferhalb des Europ\u00e4ischen Wirtschaftsraumen (EWR) haben, informieren wir Sie \u00fcber die Folgen dieses Umstands in der Beschreibung des Angebotes.<\/span><\/p><p class=\"p1\"><span class=\"s1\"><b>\u00a75 Widerspruch oder Widerruf gegen die Verarbeitung Ihrer Daten<\/b><\/span><\/p><p class=\"p1\"><span class=\"s1\">(1) Falls Sie eine Einwilligung zur Verarbeitung Ihrer Daten erteilt haben, k\u00f6nnen Sie diese jederzeit gem. Art. 7 Abs. 3 DSGVO widerrufen. Ein solcher Widerruf beeinflusst die Zul\u00e4ssigkeit der Verarbeitung Ihrer personenbezogenen Daten, nachdem Sie ihn gegen\u00fcber uns ausgesprochen haben.\u00a0<\/span><\/p><p class=\"p1\"><span class=\"s1\">(2) Soweit wir die Verarbeitung Ihrer personenbezogenen Daten auf die Interessenabw\u00e4gung st\u00fctzen, k\u00f6nnen Sie Widerspruch gem. Art. 21 DSGVO gegen die Verarbeitung einlegen. Dies ist der Fall, wenn die Verarbeitung insbesondere nicht zur Erf\u00fcllung eines Vertrags mit Ihnen erforderlich ist, was von uns jeweils bei der nachfolgenden Beschreibung der Funktionen dargestellt wird. Bei Aus\u00fcbung eines solchen Widerspruchs bitten wir um Darlegung der Gr\u00fcnde, weshalb wir Ihre personenbezogenen Daten nicht wie von uns durchgef\u00fchrt verarbeiten sollten. Im Falle Ihres begr\u00fcndeten Widerspruchs pr\u00fcfen wir die Sachlage und werden entweder die Datenverarbeitung einstellen bzw. anpassen oder Ihnen unsere zwingenden schutzw\u00fcrdigen Gr\u00fcnde aufzeigen, aufgrund derer wir die Verarbeitung fortf\u00fchren.\u00a0<\/span><\/p><p class=\"p1\"><span class=\"s1\">(3) Selbstverst\u00e4ndlich k\u00f6nnen Sie der Verarbeitung Ihrer personenbezogenen Daten f\u00fcr Zwecke der Werbung und Datenanalyse jederzeit widersprechen. \u00dcber Ihren Werbewiderspruch k\u00f6nnen Sie uns unter folgenden Kontaktdaten informieren:\u00a0<\/span><\/p><p class=\"p1\"><span class=\"s1\">Martin Reetz<\/span><\/p><p class=\"p5\"><span class=\"s2\">Hillesheimstra\u00dfe 31 <\/span><\/p><p class=\"p5\"><span class=\"s2\">50735 K\u00f6ln<\/span><\/p><p class=\"p6\"><span class=\"s1\">E-mail: martin.reetz@gmail.com<\/span><\/p><p class=\"p1\"><span class=\"s1\">Mobil: 0173\/4766441<\/span><\/p><p class=\"p4\"><span class=\"s1\"><b>\u00a76 Geltung von Nutzungsbedingungen \/ Haftung<\/b><\/span><\/p><p><span class=\"s1\">(1) Der Haftungsausschluss und die Nutzungsbedingungen sind als Teil des Internetangebotes dieser Webseite zu betrachten. Sofern Teile oder einzelne Formulierungen dieses Textes der geltenden Rechtslage nicht, nicht mehr oder nicht vollst\u00e4ndig entsprechen sollten, bleiben die \u00fcbrigen Teile des Dokumentes in ihrem Inhalt und ihrer G\u00fcltigkeit davon unber\u00fchrt.\u00a0<\/span><\/p><p><span class=\"s1\">(2) Alle Informationen und Bestandteile der Internetseite werden nach bestem Wissen und Gewissen zusammengestellt. Eine Haftung oder Garantie f\u00fcr die Aktualit\u00e4t, Richtigkeit und Vollst\u00e4ndigkeit der zur Verf\u00fcgung gestellten Informationen kann nicht \u00fcbernommen werden. Ebenso wenig haftet der Deutsche Kommunal-Informationsdienst f\u00fcr etwaige Sch\u00e4den, die beim Abrufen oder Herunterladen von Daten aus dieser Internetseite durch Computerviren verursacht werden.<\/span><\/p><p class=\"p4\"><span class=\"s1\"><b>\u00a77 Links zu anderen Websites<\/b><\/span><\/p><p><span class=\"s1\">Unser Online-Angebot enth\u00e4lt Links zu anderen Websites. Wir haben keinen Einfluss darauf, dass deren Betreiber die Datenschutzbestimmungen einhalten.\u00a0<\/span><\/p><p><span class=\"s1\">Wir sind als Anbieter f\u00fcr eigene Inhalte nach den allgemeinen Gesetzen verantwortlich. Von diesen eigenen Inhalten sind unter Umst\u00e4nden Links auf die von anderen Anbietern bereitgehaltenen Inhalte zu unterscheiden. F\u00fcr fremde Inhalte, die \u00fcber Links zur Nutzung bereitgestellt werden und besonders gekennzeichnet sind, \u00fcbernehmen wir keine Verantwortung und machen uns deren Inhalt nicht zu Eigen. F\u00fcr illegale, fehlerhafte oder unvollst\u00e4ndige Inhalte sowie f\u00fcr Sch\u00e4den, die durch die Nutzung oder Nichtnutzung der Informationen entstehen, haftet allein der Anbieter der Website, auf die verwiesen wurde. F\u00fcr fremde Hinweise ist die Redaktion nur dann verantwortlich, wenn sie von ihnen, das hei\u00dft auch von einem eventuellen rechtswidrigen bzw. strafbaren Inhalt, positive Kenntnis hat, und es technisch in einem \u00fcberschaubaren Zeitraum m\u00f6glich und zumutbar ist, deren Nutzung zu verhindern.<\/span><\/p><p class=\"p4\"><span class=\"s1\"><b>\u00a78 Kontaktformular<\/b><\/span><\/p><p><span class=\"s1\">Wenn Sie uns per Kontaktformular Anfragen zukommen lassen, werden Ihre Angaben aus dem Anfrageformular inklusive der von Ihnen dort angegebenen Kontaktdaten zwecks Bearbeitung der Anfrage und f\u00fcr den Fall von Anschlussfragen per E-Mail an uns \u00fcbertragen und gespeichert. Eine serverseitige Speicherung Ihrer Kontaktaufnahme findet nicht statt. Diese Daten geben wir nicht ohne Ihre Einwilligung weiter.<\/span><\/p><p class=\"p1\"><span class=\"s1\"><b>\u00a79 Newsletter<\/b><\/span><\/p><p class=\"p1\"><span class=\"s1\">(1) F\u00fcr die Anmeldung zu unserem Newsletter setzen wir das sog. Double-opt-in-Verfahren ein. Das bedeutet, dass wir Ihnen nach Angabe Ihrer E-Mail-Adresse eine Best\u00e4tigungs-E-Mail an die angegebene E-Mail-Adresse senden, in welcher wir Sie um Best\u00e4tigung bitten, dass Sie den Versand des Newsletters w\u00fcnschen.\u00a0<\/span><\/p><p class=\"p1\"><span class=\"s1\">Wenn Sie dies nicht innerhalb von 48 Stunden best\u00e4tigen, wird Ihre Anmeldung automatisch gel\u00f6scht.\u00a0<\/span><\/p><p class=\"p1\"><span class=\"s1\">Sofern Sie den Wunsch nach dem Empfang des Newsletters best\u00e4tigen, speichern wir Ihre E-Mail-Adresse so lange, bis Sie den Newsletter abbestellen. Die Speicherung dient alleine dem Zweck, Ihnen den Newsletter senden zu k\u00f6nnen. Des Weiteren speichern wir jeweils bei Anmeldung und Best\u00e4tigung Ihre IP-Adressen und die Zeitpunkte, um einen Missbrauch Ihrer pers\u00f6nlichen Daten zu verhindern.\u00a0<\/span><\/p><p class=\"p1\"><span class=\"s1\">(2) Pflichtangabe f\u00fcr die \u00dcbersendung des Newsletters ist allein die E-Mail-Adresse. Die Angabe weiterer, gesondert markierter, Angaben ist freiwillig und wird allein zu einer Personalisierung des Newsletters verwendet. Auch diese Daten werden bei Widerruf vollst\u00e4ndig gel\u00f6scht.\u00a0<\/span><\/p><p class=\"p1\"><span class=\"s1\">(3) Ihre Einwilligung in die \u00dcbersendung des Newsletters k\u00f6nnen Sie jederzeit widerrufen. Den Widerruf k\u00f6nnen Sie durch Klick auf den in jeder Newsletter-E-Mail bereitgestellten Link erkl\u00e4ren oder wenden Sie sich direkt an unsere Kontaktadresse. Ihre angegebenen Daten werden nicht an Dritte weitergegeben.\u00a0<\/span><\/p><p class=\"p1\"><span class=\"s1\">(4) Die von Ihnen gegebene Einwilligung hat den folgenden Wortlaut: \u201e Ich willige ein, dass die vorstehenden Daten f\u00fcr den Versand des Newsletters Plonsker-Post, Platz des Landtags 1 in 40221 D\u00fcsseldorf, gem\u00e4\u00df der Datenschutzgrundverordnung (DSGVO) verarbeitet werden. Sofern sich aus meinen oben aufgef\u00fchrten Daten Hinweise auf meine ethnische Herkunft, Religion, politische Einstellung oder Gesundheit ergeben, bezieht sich meine Einwilligung auch auf diese Angaben.\u00a0<\/span><\/p><p class=\"p1\"><span class=\"s1\">Meine Einwilligung in den Versand ist jederzeit widerruflich (per E-Mail an [dekom@infosilo.info] oder an die im Impressum angegebenen Kontaktdaten. Der Newsletter-Versand erfolgt entsprechend der Datenschutzerkl\u00e4rung f\u00fcr den Newsletterversand des Deutschen Kommunal-Informationsdienstes.\u00a0<\/span><\/p><p class=\"p4\"><span class=\"s1\"><b>\u00a710 Newsletter Tracking<\/b><\/span><\/p><p><span class=\"s1\">Wir weisen Sie darauf hin, dass wir bei Versand des Newsletters Ihr Nutzerverhalten auswerten. F\u00fcr diese Auswertung beinhalten die versendeten E-Mails sogenannte Web-Beacons, auch Tracking-Pixel genannt. Dies sind Ein-Pixel-Bilddateien, die auf unsere Webseiten und Applikationen verlinken und uns so erm\u00f6glichen, Ihr Nutzerverhalten auszuwerten. Dies erfolgt durch Erhebung der in \u00a7 4 genannten Daten sowie Web-Beacons, die Ihrer E-Mail-Adresse zugeordnet und mit einer eigenen ID verkn\u00fcpft werden. Auch im Newsletter erhaltene Links enthalten diese ID. Die so erhobenen Informationen speichert der Newsletter-Anbieter auf seinem Server in bei unserem Serviceprovider.\u00a0<\/span><\/p><p><span class=\"s1\">Sie k\u00f6nnen diesem Tracking jederzeit widersprechen, indem Sie den gesonderten Link, der in jeder E-Mail bereitgestellt wird, anklicken. Ein solches Tracking ist auch dann nicht m\u00f6glich, wenn Sie in Ihrem E-Mail-Programm die Anzeige von Bildern standardm\u00e4\u00dfig deaktiviert haben. In diesem Fall wird Ihnen der Newsletter jedoch nicht vollst\u00e4ndig angezeigt und Sie k\u00f6nnen eventuell nicht alle Funktionen nutzen. Wenn Sie die Bilder manuell anzeigen lassen, erfolgt das oben genannte Tracking.<\/span><\/p><p class=\"p1\"><span class=\"s1\"><b>\u00a711 Rechte der betroffenen Personen<\/b><\/span><\/p><p class=\"p1\"><span class=\"s1\">Wir\u00a0 informieren Sie nach Artikel 13 der EU Datenschutz-Grundverordnung (DSGVO) gerne und ausf\u00fchrlich \u00fcber die Verarbeitung Ihrer personenbezogenen Daten (nachfolgend nur noch \u201eDaten\u201c genannt).\u00a0<\/span><\/p><p class=\"p1\"><span class=\"s1\">Nachfolgend erl\u00e4utern wir, welche Daten wir von Ihnen zu welchen Zwecken verarbeiten und welche Rechte Sie diesbez\u00fcglich haben.\u00a0<\/span><\/p><p class=\"p1\"><span class=\"s1\">Die Verarbeitung Ihrer Daten erfolgt auf der Basis der von Ihnen erteilten Einwilligung zur Aufnahme in den Newsletter, der Kontaktaufnahme mit uns und weiterer Angebote auf unserer Webseite.\u00a0<\/span><\/p><p class=\"p1\"><span class=\"s1\"><i>Dauer der Verarbeitung<\/i>\u00a0<\/span><\/p><p class=\"p1\"><span class=\"s1\">Wir verarbeiten Ihre Daten nur so lange, wie es zur Erf\u00fcllung der oben genannten Zwecke oder geltender Rechtsvorschriften sowie der Pflege unserer Beziehung zu Ihnen erforderlich ist.\u00a0<\/span><\/p><p class=\"p1\"><span class=\"s1\">Solange Sie nicht widersprechen, werden wir Ihre Daten zum Versand des Newsletters nutzen. Sollten Sie die L\u00f6schung Ihrer Daten w\u00fcnschen, werden wir Ihre Daten unverz\u00fcglich l\u00f6schen, soweit der L\u00f6schung nicht rechtliche Aufbewahrungsfristen entgegenstehen.\u00a0<\/span><\/p><p class=\"p3\"><span class=\"s2\">(1) Sie haben gegen\u00fcber uns folgende Rechte hinsichtlich der Sie betreffenden personenbezogenen Daten:<\/span><\/p><ul class=\"ul1\"><li class=\"li1\"><span class=\"s1\">Auskunft \u00fcber die Verarbeitung Ihrer Daten (Art. 15 DSGVO)<\/span><\/li><li class=\"li1\"><span class=\"s1\">Berichtigung (Art. 16 DSGVO) oder L\u00f6schung (Art. 17 DSGVO) Ihrer Daten<\/span><\/li><li class=\"li1\"><span class=\"s1\">Einschr\u00e4nkung der Verarbeitung (Art. 18 DSGVO)<\/span><\/li><li class=\"li1\"><span class=\"s1\">Widerspruch gegen die Verarbeitung (Art. 21 DSGVO)<\/span><\/li><li class=\"li1\"><span class=\"s1\">Daten\u00fcbertragbarkeit (Art. 20 DSGVO)<\/span><\/li><li class=\"li1\"><span class=\"s1\">Widerruf Ihrer gegebenen Einwilligung mit Wirkung f\u00fcr die Zukunft (Art. 7 Abs. 3 DSGVO)<\/span><\/li><\/ul><p class=\"p1\"><span class=\"s1\">(2) Sie haben zudem gem. Art. 77 DSGVO das Recht, sich bei einer Datenschutz-Aufsichtsbeh\u00f6rde \u00fcber die Verarbeitung Ihrer personenbezogenen Daten durch uns zu beschweren. Ihre zust\u00e4ndige Aufsichtsbeh\u00f6rde ist die Ihres Wohnorts. Eine Liste der Aufsichtsbeh\u00f6rden finden Sie hier:\u00a0<a href=\"https:\/\/www.bfdi.bund.de\/DE\/Infothek\/Anschriften_Links\/anschriften_links-node.html\"><span class=\"s6\">https:\/\/www.bfdi.bund.de\/DE\/Infothek\/Anschriften_Links\/anschriften_links-node.html<\/span><\/a>\u00a0<\/span><\/p><p class=\"p1\"><span class=\"s1\">Wir hoffen, Ihnen mit diesen Informationen bei der Wahrnehmung Ihrer Rechte weiter geholfen zu haben. Falls Sie weitere Informationen zu den Datenschutzbestimmungen w\u00fcnschen, lesen Sie bitte aufmerksam unsere Datenschutzerkl\u00e4rung oder fragen Sie bei Ihrer Aufsichtsbeh\u00f6rde nach.<\/span><\/p><p class=\"p4\"><span class=\"s1\"><b>\u00a712 SSL-Verschl\u00fcsselung<\/b><\/span><\/p><p><span class=\"s1\">Diese Seite nutzt aus Gr\u00fcnden der Sicherheit und zum Schutz der \u00dcbertragung vertraulicher Inhalte, wie zum Beispiel der Anfragen, die Sie an uns als Seitenbetreiber senden, eine SSL-Verschl\u00fcsselung. Eine verschl\u00fcsselte Verbindung erkennen Sie daran, dass die Adresszeile des Browsers von &#8222;http:\/\/&#8220; auf &#8222;https:\/\/&#8220; wechselt und an dem Schloss-Symbol in Ihrer Browserzeile. Wenn die SSL Verschl\u00fcsselung aktiviert ist, k\u00f6nnen die Daten, die Sie an uns \u00fcbermitteln, nicht von Dritten mitgelesen werden.<\/span><\/p><h3>\u00a0<\/h3>\t\t\t\t\t\t\t\t<\/div>\n\t\t\t\t<\/div>\n\t\t<div class=\"elementor-element elementor-element-b2199fe e-con-full e-flex e-con e-child\" data-id=\"b2199fe\" data-element_type=\"container\" data-e-type=\"container\">\n\t\t\t\t<div class=\"elementor-element elementor-element-900d8cd elementor-widget elementor-widget-heading\" data-id=\"900d8cd\" data-element_type=\"widget\" data-e-type=\"widget\" data-widget_type=\"heading.default\">\n\t\t\t\t\t<h2 class=\"elementor-heading-title elementor-size-default\">Umsetzung und technischer Support<\/h2>\t\t\t\t<\/div>\n\t\t\t\t<div class=\"elementor-element elementor-element-c42b4ad elementor-widget elementor-widget-text-editor\" data-id=\"c42b4ad\" data-element_type=\"widget\" data-e-type=\"widget\" data-widget_type=\"text-editor.default\">\n\t\t\t\t\t\t\t\t\t<p>Digivisuals OHG<\/p><p>Heinrich-Hoerle Str. 2<br \/>50354 H\u00fcrth<\/p><p>Tel.: 02233 7131 074<br \/><a href=\"mailto:hallo@digivisuals.de\">hallo@digivisuals.de<\/a><br \/><a href=\"http:\/\/www.digivisuals.de\" target=\"_blank\" rel=\"noopener\">www.digivisuals.de<\/a><\/p>\t\t\t\t\t\t\t\t<\/div>\n\t\t\t\t<div class=\"elementor-element elementor-element-b8de424 elementor-widget elementor-widget-image\" data-id=\"b8de424\" data-element_type=\"widget\" data-e-type=\"widget\" data-widget_type=\"image.default\">\n\t\t\t\t\t\t\t\t\t\t\t\t\t\t\t\t<a href=\"http:\/\/www.digivisuals.de\" target=\"_blank\">\n\t\t\t\t\t\t\t<img fetchpriority=\"high\" decoding=\"async\" width=\"300\" height=\"200\" src=\"https:\/\/infosilo.info\/dekom\/wp-content\/uploads\/2026\/03\/logo-200-300.jpg\" class=\"attachment-large size-large wp-image-9212\" alt=\"\" \/>\t\t\t\t\t\t\t\t<\/a>\n\t\t\t\t\t\t\t\t\t\t\t\t\t\t\t<\/div>\n\t\t\t\t<\/div>\n\t\t\t\t\t<\/div>\n\t\t\t\t<\/div>\n\t\t\t\t<\/div>\n\t\t","protected":false},"excerpt":{"rendered":"<p>Dekom \u2013 Deutscher Kommunal-Informationsdienst\u00a0 \u00a71 Information \u00fcber die Erhebung personenbezogener Daten Als Betreiber dieser Seiten nehmen wir den Schutz Ihrer pers\u00f6nlichen Daten sehr ernst. Wir behandeln Ihre personenbezogenen Daten vertraulich und entsprechend der gesetzlichen Datenschutzvorschriften sowie dieser Datenschutzerkl\u00e4rung.\u00a0 (1) Im Folgenden informieren wir \u00fcber die Erhebung personenbezogener Daten bei Nutzung unserer Webseite. Personenbezogene Daten sind [&hellip;]<\/p>\n","protected":false},"author":10001,"featured_media":0,"parent":0,"menu_order":0,"comment_status":"closed","ping_status":"closed","template":"","meta":{"footnotes":""},"class_list":["post-8968","page","type-page","status-publish","hentry"],"_links":{"self":[{"href":"https:\/\/infosilo.info\/dekom\/wp-json\/wp\/v2\/pages\/8968","targetHints":{"allow":["GET"]}}],"collection":[{"href":"https:\/\/infosilo.info\/dekom\/wp-json\/wp\/v2\/pages"}],"about":[{"href":"https:\/\/infosilo.info\/dekom\/wp-json\/wp\/v2\/types\/page"}],"author":[{"embeddable":true,"href":"https:\/\/infosilo.info\/dekom\/wp-json\/wp\/v2\/users\/10001"}],"replies":[{"embeddable":true,"href":"https:\/\/infosilo.info\/dekom\/wp-json\/wp\/v2\/comments?post=8968"}],"version-history":[{"count":14,"href":"https:\/\/infosilo.info\/dekom\/wp-json\/wp\/v2\/pages\/8968\/revisions"}],"predecessor-version":[{"id":9215,"href":"https:\/\/infosilo.info\/dekom\/wp-json\/wp\/v2\/pages\/8968\/revisions\/9215"}],"wp:attachment":[{"href":"https:\/\/infosilo.info\/dekom\/wp-json\/wp\/v2\/media?parent=8968"}],"curies":[{"name":"wp","href":"https:\/\/api.w.org\/{rel}","templated":true}]}}